{"id":831,"date":"2022-03-01T14:44:31","date_gmt":"2022-03-01T12:44:31","guid":{"rendered":"http:\/\/jalasjarvenmuseo.fi\/?page_id=831"},"modified":"2025-06-29T10:04:07","modified_gmt":"2025-06-29T07:04:07","slug":"dokumenttielokuvia-jalasjarven-museosta","status":"publish","type":"page","link":"https:\/\/jalasjarvenmuseo.fi\/wordpress\/dokumenttielokuvia-jalasjarven-museosta\/","title":{"rendered":"Dokumenttielokuvia Jalasj\u00e4rven museosta"},"content":{"rendered":"<p><strong><em>Parkanon S\u00e4\u00e4st\u00f6pankkis\u00e4\u00e4ti\u00f6 on my\u00f6nt\u00e4nyt Jalasj\u00e4rvi-Seura ry:lle avustusta videohankkeisiin, joilla tallennetaan Jalasj\u00e4rven museoymp\u00e4rist\u00f6\u00f6n liittyv\u00e4\u00e4 perim\u00e4tietoa ja tietotaitoa.<\/em><\/strong><\/p>\n<p><strong>Dokumenttielokuva<\/strong> <strong>Jalasj\u00e4rven Museonm\u00e4ki;<\/strong> Raholammi, maakauppa ja savusauna<\/p>\n<p>Uusi dokumenttielokuva Jalasj\u00e4rven Museonm\u00e4elt\u00e4 on julkaistu 2025 kes\u00e4kuussa ja se on n\u00e4ht\u00e4viss\u00e4 Jalasj\u00e4rvi-Seuran Youtube-kanavalla<\/p>\n<p><iframe loading=\"lazy\" title=\"Jalasj\u00e4rven Museonm\u00e4ki - Raholammi, maakauppa ja savusauna\" width=\"625\" height=\"352\" src=\"https:\/\/www.youtube.com\/embed\/xB-OCKN2kWs?feature=oembed\" frameborder=\"0\" allow=\"accelerometer; autoplay; clipboard-write; encrypted-media; gyroscope; picture-in-picture; web-share\" referrerpolicy=\"strict-origin-when-cross-origin\" allowfullscreen><\/iframe><\/p>\n<p><strong>Dokumenttielokuva JR58<\/strong><\/p>\n<p>Sotaveteraanien Perinnetalon esineist\u00f6n taustaa ja Jalkav\u00e4kirykmentti 58:n historiaa valottava puolituntinen dokumenttielokuva <strong>JR58<\/strong> on valmistunut toukokuussa 2023. Dokumentti on n\u00e4ht\u00e4viss\u00e4 Jalasj\u00e4rven museon Youtube-kanavalla:<\/p>\n<p><a href=\"https:\/\/www.youtube.com\/watch?v=5RpScMfCqqc\">https:\/\/www.youtube.com\/watch?v=5RpScMfCqqc<\/a><\/p>\n<p>Linkki Sotaveteraanien Perinnetalon sivulle: <a href=\"https:\/\/jalasjarvenmuseo.fi\/wordpress\/sotaveteraanien-perinnetalo\/\">https:\/\/jalasjarvenmuseo.fi\/wordpress\/sotaveteraanien-perinnetalo\/<\/a><\/p>\n<p>&nbsp;<\/p>\n<p>P\u00e4ivi Rautasen tekem\u00e4 haastattelu, julkaistu Radio Suomi Pohjanmaa 25.5.klo 13.40 (Kuunneltavissa toistaiseksi):<\/p>\n<p><strong>Museo el\u00e4v\u00e4ksi ja perim\u00e4tieto talteen dokumenttivideolle<\/strong><\/p>\n<p><a href=\"https:\/\/areena.yle.fi\/podcastit\/1-65925445\">https:\/\/areena.yle.fi\/podcastit\/1-65925445<\/a><\/p>\n<p><img loading=\"lazy\" decoding=\"async\" class=\"alignnone size-full wp-image-832\" src=\"https:\/\/jalasjarvenmuseo.fi\/wordpress\/wp-content\/uploads\/LogoUusiParkanon-saation-logo.jpg\" alt=\"\" width=\"479\" height=\"149\" srcset=\"https:\/\/jalasjarvenmuseo.fi\/wordpress\/wp-content\/uploads\/LogoUusiParkanon-saation-logo.jpg 479w, https:\/\/jalasjarvenmuseo.fi\/wordpress\/wp-content\/uploads\/LogoUusiParkanon-saation-logo-300x93.jpg 300w\" sizes=\"auto, (max-width: 479px) 100vw, 479px\" \/><\/p>\n<p><img loading=\"lazy\" decoding=\"async\" class=\"alignnone size-full wp-image-834\" src=\"https:\/\/jalasjarvenmuseo.fi\/wordpress\/wp-content\/uploads\/OmaSp_logotype_RGB_slogan.jpg\" alt=\"\" width=\"800\" height=\"440\" srcset=\"https:\/\/jalasjarvenmuseo.fi\/wordpress\/wp-content\/uploads\/OmaSp_logotype_RGB_slogan.jpg 800w, https:\/\/jalasjarvenmuseo.fi\/wordpress\/wp-content\/uploads\/OmaSp_logotype_RGB_slogan-300x165.jpg 300w, https:\/\/jalasjarvenmuseo.fi\/wordpress\/wp-content\/uploads\/OmaSp_logotype_RGB_slogan-768x422.jpg 768w, https:\/\/jalasjarvenmuseo.fi\/wordpress\/wp-content\/uploads\/OmaSp_logotype_RGB_slogan-624x343.jpg 624w\" sizes=\"auto, (max-width: 800px) 100vw, 800px\" \/><\/p>\n","protected":false},"excerpt":{"rendered":"<p>Parkanon S\u00e4\u00e4st\u00f6pankkis\u00e4\u00e4ti\u00f6 on my\u00f6nt\u00e4nyt Jalasj\u00e4rvi-Seura ry:lle avustusta videohankkeisiin, joilla tallennetaan Jalasj\u00e4rven museoymp\u00e4rist\u00f6\u00f6n liittyv\u00e4\u00e4 perim\u00e4tietoa ja tietotaitoa. Dokumenttielokuva Jalasj\u00e4rven Museonm\u00e4ki; Raholammi, maakauppa ja savusauna Uusi dokumenttielokuva Jalasj\u00e4rven Museonm\u00e4elt\u00e4 on julkaistu 2025 kes\u00e4kuussa ja se on n\u00e4ht\u00e4viss\u00e4 Jalasj\u00e4rvi-Seuran Youtube-kanavalla Dokumenttielokuva JR58 Sotaveteraanien Perinnetalon esineist\u00f6n taustaa ja Jalkav\u00e4kirykmentti 58:n historiaa valottava puolituntinen dokumenttielokuva JR58 on valmistunut toukokuussa 2023. [&hellip;]<\/p>\n","protected":false},"author":1,"featured_media":0,"parent":0,"menu_order":0,"comment_status":"closed","ping_status":"closed","template":"","meta":{"footnotes":""},"class_list":["post-831","page","type-page","status-publish","hentry"],"_links":{"self":[{"href":"https:\/\/jalasjarvenmuseo.fi\/wordpress\/wp-json\/wp\/v2\/pages\/831","targetHints":{"allow":["GET"]}}],"collection":[{"href":"https:\/\/jalasjarvenmuseo.fi\/wordpress\/wp-json\/wp\/v2\/pages"}],"about":[{"href":"https:\/\/jalasjarvenmuseo.fi\/wordpress\/wp-json\/wp\/v2\/types\/page"}],"author":[{"embeddable":true,"href":"https:\/\/jalasjarvenmuseo.fi\/wordpress\/wp-json\/wp\/v2\/users\/1"}],"replies":[{"embeddable":true,"href":"https:\/\/jalasjarvenmuseo.fi\/wordpress\/wp-json\/wp\/v2\/comments?post=831"}],"version-history":[{"count":8,"href":"https:\/\/jalasjarvenmuseo.fi\/wordpress\/wp-json\/wp\/v2\/pages\/831\/revisions"}],"predecessor-version":[{"id":959,"href":"https:\/\/jalasjarvenmuseo.fi\/wordpress\/wp-json\/wp\/v2\/pages\/831\/revisions\/959"}],"wp:attachment":[{"href":"https:\/\/jalasjarvenmuseo.fi\/wordpress\/wp-json\/wp\/v2\/media?parent=831"}],"curies":[{"name":"wp","href":"https:\/\/api.w.org\/{rel}","templated":true}]}}