{"id":22,"date":"2017-04-16T17:08:17","date_gmt":"2017-04-16T14:08:17","guid":{"rendered":"http:\/\/jalasjarvenmuseo.fi\/?page_id=22"},"modified":"2026-01-23T10:46:07","modified_gmt":"2026-01-23T08:46:07","slug":"sotaveteraanien-perinnetalo","status":"publish","type":"page","link":"https:\/\/jalasjarvenmuseo.fi\/wordpress\/sotaveteraanien-perinnetalo\/","title":{"rendered":"Sotaveteraanien Perinnetalo"},"content":{"rendered":"<table style=\"border: none;\">\n<tbody>\n<tr>\n<td style=\"border: none;\"><img loading=\"lazy\" decoding=\"async\" class=\"wp-image-178\" src=\"https:\/\/jalasjarvenmuseo.fi\/wordpress\/wp-content\/uploads\/Sotaveteraanien-Perinnetalo-300x200.jpg\" alt=\"\" width=\"300\" height=\"200\" srcset=\"https:\/\/jalasjarvenmuseo.fi\/wordpress\/wp-content\/uploads\/Sotaveteraanien-Perinnetalo-300x200.jpg 300w, https:\/\/jalasjarvenmuseo.fi\/wordpress\/wp-content\/uploads\/Sotaveteraanien-Perinnetalo-768x512.jpg 768w, https:\/\/jalasjarvenmuseo.fi\/wordpress\/wp-content\/uploads\/Sotaveteraanien-Perinnetalo-1024x683.jpg 1024w, https:\/\/jalasjarvenmuseo.fi\/wordpress\/wp-content\/uploads\/Sotaveteraanien-Perinnetalo-624x416.jpg 624w\" sizes=\"auto, (max-width: 300px) 100vw, 300px\" \/><\/td>\n<td style=\"border: none;\"><img loading=\"lazy\" decoding=\"async\" class=\"wp-image-179 size-medium\" src=\"https:\/\/jalasjarvenmuseo.fi\/wordpress\/wp-content\/uploads\/Sotiemme-esineist\u00f6\u00e4-300x200.jpg\" alt=\"\" width=\"300\" height=\"200\" srcset=\"https:\/\/jalasjarvenmuseo.fi\/wordpress\/wp-content\/uploads\/Sotiemme-esineist\u00f6\u00e4-300x200.jpg 300w, https:\/\/jalasjarvenmuseo.fi\/wordpress\/wp-content\/uploads\/Sotiemme-esineist\u00f6\u00e4-768x512.jpg 768w, https:\/\/jalasjarvenmuseo.fi\/wordpress\/wp-content\/uploads\/Sotiemme-esineist\u00f6\u00e4-1024x683.jpg 1024w, https:\/\/jalasjarvenmuseo.fi\/wordpress\/wp-content\/uploads\/Sotiemme-esineist\u00f6\u00e4-624x416.jpg 624w\" sizes=\"auto, (max-width: 300px) 100vw, 300px\" \/><\/td>\n<\/tr>\n<\/tbody>\n<\/table>\n<p>Jalasj\u00e4rven museoalueella sijaitseva <strong>Sotaveteraanien Perinnetalo<\/strong> avattiin vuonna 2001. Jalasj\u00e4rven Sotaveteraanit ry:n puheenjohtaja Matti Saarnio ja varapuheenjohtaja Tuomas Luokkakallio toimivat aktiivisesti rahoituksen j\u00e4rjest\u00e4miseksi Perinnetalolle. P\u00e4\u00e4asiallinen rahoitus tuli heid\u00e4n johtamaltaan yhdistykselt\u00e4, lis\u00e4ksi Jalasj\u00e4rven kunnalta ja seurakunnalta sek\u00e4 yksityisilt\u00e4 lahjoittajilta. Runsas ja monipuolinen esineist\u00f6 painottuu Talvi- ja Jatkosodan aikaan. Muutama vuosi avaamiseen j\u00e4lkeen Jalasj\u00e4rven Sotaveteraanit ry lahjoitti Perinnetalon osaksi museon kokonaisuutta.<\/p>\n<p><strong>Korsu<\/strong><br \/>\nJalasj\u00e4rven Sotaveteraanit rakensivat museoalueelle 1980-luvulla korsun taisteluhautoineen. Konekiv\u00e4\u00e4ripuolijoukkueen korsu on Puolustuslaitoksen piirustusten mukainen. Veteraanit lahjoittivat korsun 1990-luvun alussa osaksi museon kokonaisuutta.<\/p>\n<p><strong>Dokumenttielokuva JR58<\/strong><\/p>\n<p>Sotaveteraanien Perinnetalon esineist\u00f6n taustaa ja Jalkav\u00e4kirykmentti 58:n historiaa valottava puolituntinen dokumenttielokuva <strong>JR58<\/strong> on valmistunut toukokuussa 2023. Dokumentti on n\u00e4ht\u00e4viss\u00e4 Jalasj\u00e4rven museon Youtube-kanavalla:\u00a0 <a href=\"https:\/\/www.youtube.com\/watch?v=5RpScMfCqqc\">https:\/\/www.youtube.com\/watch?v=5RpScMfCqqc<\/a><\/p>\n<p>&nbsp;<\/p>\n<p><strong>Avoinna<\/strong>: Museon aukioloaikoina ja tilauksesta<br \/>\n<strong>Opastusten tilaaminen<\/strong>:<br \/>\nJuhani Kungsbacka 040 7365017, Esko Lepp\u00e4 050 3058110\u00a0 \u00a0 \u00a0 \u00a0 \u00a0 \u00a0 \u00a0 \u00a0 \u00a0 \u00a0 \u00a0 \u00a0 \u00a0 \u00a0 \u00a0 \u00a0 \u00a0 \u00a0 \u00a0 \u00a0 \u00a0 \u00a0 \u00a0 \u00a0 \u00a0 \u00a0 \u00a0 \u00a0 \u00a0 \u00a0 \u00a0 \u00a0 \u00a0 \u00a0 \u00a0 \u00a0 \u00a0 \u00a0 \u00a0 tai Mari M\u00e4ki-Karvia 0504603407<br \/>\nOpastuksen voi tilata erikseen pelk\u00e4st\u00e4\u00e4n Perinnetaloon tai sis\u00e4llytt\u00e4\u00e4 muuhun museokierrokseen.<br \/>\n<strong>Tiedustelut<\/strong> my\u00f6s s\u00e4hk\u00f6postitse: jalasjarviseura(at)jalasjarvenmuseo.fi<\/p>\n<p>Tutustu Perinnetaloon mobiililaitteella: <a href=\"https:\/\/emuseo.fi\/jalasjarvenmuseo5sotvet\">https:\/\/emuseo.fi\/jalasjarvenmuseo5sotvet<\/a><\/p>\n<p>T\u00e4st\u00e4 p\u00e4\u00e4set kurkistamaan korsuun:<\/p>\n<div style=\"width: 625px;\" class=\"wp-video\"><video class=\"wp-video-shortcode\" id=\"video-22-1\" width=\"625\" height=\"353\" preload=\"metadata\" controls=\"controls\"><source type=\"video\/mp4\" src=\"https:\/\/jalasjarvenmuseo.fi\/wordpress\/wp-content\/uploads\/korsuvideo.mp4?_=1\" \/><a href=\"https:\/\/jalasjarvenmuseo.fi\/wordpress\/wp-content\/uploads\/korsuvideo.mp4\">https:\/\/jalasjarvenmuseo.fi\/wordpress\/wp-content\/uploads\/korsuvideo.mp4<\/a><\/video><\/div>\n","protected":false},"excerpt":{"rendered":"<p>Jalasj\u00e4rven museoalueella sijaitseva Sotaveteraanien Perinnetalo avattiin vuonna 2001. Jalasj\u00e4rven Sotaveteraanit ry:n puheenjohtaja Matti Saarnio ja varapuheenjohtaja Tuomas Luokkakallio toimivat aktiivisesti rahoituksen j\u00e4rjest\u00e4miseksi Perinnetalolle. P\u00e4\u00e4asiallinen rahoitus tuli heid\u00e4n johtamaltaan yhdistykselt\u00e4, lis\u00e4ksi Jalasj\u00e4rven kunnalta ja seurakunnalta sek\u00e4 yksityisilt\u00e4 lahjoittajilta. Runsas ja monipuolinen esineist\u00f6 painottuu Talvi- ja Jatkosodan aikaan. Muutama vuosi avaamiseen j\u00e4lkeen Jalasj\u00e4rven Sotaveteraanit ry lahjoitti Perinnetalon [&hellip;]<\/p>\n","protected":false},"author":1,"featured_media":0,"parent":0,"menu_order":0,"comment_status":"closed","ping_status":"closed","template":"","meta":{"footnotes":""},"class_list":["post-22","page","type-page","status-publish","hentry"],"_links":{"self":[{"href":"https:\/\/jalasjarvenmuseo.fi\/wordpress\/wp-json\/wp\/v2\/pages\/22","targetHints":{"allow":["GET"]}}],"collection":[{"href":"https:\/\/jalasjarvenmuseo.fi\/wordpress\/wp-json\/wp\/v2\/pages"}],"about":[{"href":"https:\/\/jalasjarvenmuseo.fi\/wordpress\/wp-json\/wp\/v2\/types\/page"}],"author":[{"embeddable":true,"href":"https:\/\/jalasjarvenmuseo.fi\/wordpress\/wp-json\/wp\/v2\/users\/1"}],"replies":[{"embeddable":true,"href":"https:\/\/jalasjarvenmuseo.fi\/wordpress\/wp-json\/wp\/v2\/comments?post=22"}],"version-history":[{"count":21,"href":"https:\/\/jalasjarvenmuseo.fi\/wordpress\/wp-json\/wp\/v2\/pages\/22\/revisions"}],"predecessor-version":[{"id":975,"href":"https:\/\/jalasjarvenmuseo.fi\/wordpress\/wp-json\/wp\/v2\/pages\/22\/revisions\/975"}],"wp:attachment":[{"href":"https:\/\/jalasjarvenmuseo.fi\/wordpress\/wp-json\/wp\/v2\/media?parent=22"}],"curies":[{"name":"wp","href":"https:\/\/api.w.org\/{rel}","templated":true}]}}