{"id":16,"date":"2017-04-16T17:06:47","date_gmt":"2017-04-16T14:06:47","guid":{"rendered":"http:\/\/jalasjarvenmuseo.fi\/?page_id=16"},"modified":"2026-03-30T14:51:42","modified_gmt":"2026-03-30T11:51:42","slug":"jalasjarvi-seura-ry","status":"publish","type":"page","link":"https:\/\/jalasjarvenmuseo.fi\/wordpress\/jalasjarvi-seura-ry\/","title":{"rendered":"Jalasj\u00e4rvi-Seura"},"content":{"rendered":"<p><img loading=\"lazy\" decoding=\"async\" class=\"alignnone size-large wp-image-93\" src=\"https:\/\/jalasjarvenmuseo.fi\/wordpress\/wp-content\/uploads\/Jalasj\u00e4rvi-Seuran-logo-nettisivulle-1024x244.jpg\" alt=\"\" width=\"625\" height=\"149\" srcset=\"https:\/\/jalasjarvenmuseo.fi\/wordpress\/wp-content\/uploads\/Jalasj\u00e4rvi-Seuran-logo-nettisivulle-1024x244.jpg 1024w, https:\/\/jalasjarvenmuseo.fi\/wordpress\/wp-content\/uploads\/Jalasj\u00e4rvi-Seuran-logo-nettisivulle-300x72.jpg 300w, https:\/\/jalasjarvenmuseo.fi\/wordpress\/wp-content\/uploads\/Jalasj\u00e4rvi-Seuran-logo-nettisivulle-768x183.jpg 768w, https:\/\/jalasjarvenmuseo.fi\/wordpress\/wp-content\/uploads\/Jalasj\u00e4rvi-Seuran-logo-nettisivulle-624x149.jpg 624w, https:\/\/jalasjarvenmuseo.fi\/wordpress\/wp-content\/uploads\/Jalasj\u00e4rvi-Seuran-logo-nettisivulle.jpg 1600w\" sizes=\"auto, (max-width: 625px) 100vw, 625px\" \/><\/p>\n<p>jalasjarviseura(at)jalasjarvenmuseo.fi<\/p>\n<div id=\"attachment_95\" style=\"width: 145px\" class=\"wp-caption alignright\"><img loading=\"lazy\" decoding=\"async\" aria-describedby=\"caption-attachment-95\" class=\"wp-image-95 size-medium\" src=\"https:\/\/jalasjarvenmuseo.fi\/wordpress\/wp-content\/uploads\/Viiri-01-135x300.jpg\" alt=\"\" width=\"135\" height=\"300\" srcset=\"https:\/\/jalasjarvenmuseo.fi\/wordpress\/wp-content\/uploads\/Viiri-01-135x300.jpg 135w, https:\/\/jalasjarvenmuseo.fi\/wordpress\/wp-content\/uploads\/Viiri-01.jpg 300w\" sizes=\"auto, (max-width: 135px) 100vw, 135px\" \/><p id=\"caption-attachment-95\" class=\"wp-caption-text\">Jalasj\u00e4rvi-Seuran viiri<\/p><\/div>\n<p><strong>Johtokunta<\/strong><br \/>\n<em>pj<\/em> Mari M\u00e4ki-Karvia<br \/>\n<em>vpj, museon em\u00e4nt\u00e4 <\/em>Aino Nevala<\/p>\n<p><em>J\u00e4senet:<\/em><br \/>\n<em>Museon is\u00e4nt\u00e4<\/em> Esko Lepp\u00e4, Matti Ahtola, Maj-Len Kuopusj\u00e4rvi, Aatto Ojala, Marko Ojaniemi, Ossi Sandvik,\u00a0 Seppo Valkama<\/p>\n<p style=\"text-align: left;\"><em>Sihteeri<\/em>ksi on kutsuttu johtokunnan ulkopuolelta<br \/>\nJonna Timoharju<\/p>\n<p style=\"text-align: left;\"><em>Asiantuntijaj\u00e4senet<\/em>:<br \/>\nKerttu Alkula, Hilkka Haapam\u00e4ki, Juhani Kungsbacka, Marjatta Kuusisto, Martti Latvala, Pekka M\u00e4ntyl\u00e4, Sanna Pihlaja, Tapio Taivalmaa, Jonna Timoharju<\/p>\n<p style=\"text-align: left;\"><em>Toiminnantarkastaja<\/em> Jaakko Ventel\u00e4<\/p>\n<p><strong>Jalasj\u00e4rvi-Seuran toiminnan tarkoitus<\/strong> on kotiseudun kaikinpuolinen kehitt\u00e4minen paikallisten erityispiirteiden pohjalta, elinymp\u00e4rist\u00f6n laadun parantaminen ja ihmisten viihtyvyyden lis\u00e4\u00e4minen samoin kuin kotiseututietouden lis\u00e4\u00e4minen, kotiseutuhengen yll\u00e4pit\u00e4minen ja omatoimisuuden voimistaminen sek\u00e4 kotiseudun kulttuurien vaaliminen ja edist\u00e4minen.<br \/>\n<strong>Jalasj\u00e4rvi-Seura toimii<\/strong> alueensa etuj\u00e4rjest\u00f6n\u00e4, vaikuttaa p\u00e4\u00e4t\u00f6ksentekoon, tekee aloitteita, esityksi\u00e4 ja lausuntoja viranomaisille. Seura toimii asukkaiden ja yhteis\u00f6jen yhteyssiteen\u00e4, seuraa kotiseudun aineellista ja henkist\u00e4 kehityst\u00e4 sek\u00e4 tekee siihen liittyvi\u00e4 selvityksi\u00e4 ja tutkimuksia. Seura harjoittaa kotiseututietoutta lis\u00e4\u00e4v\u00e4\u00e4 julkaisu- ja kustannustoimintaa. Jalasj\u00e4rvi-Seura edist\u00e4\u00e4 perinteiden, historian ja nykyp\u00e4iv\u00e4n tallentamista sek\u00e4 luonnon ja kulttuuriymp\u00e4rist\u00f6n vaalimista, harjoittaa museotoimintaa ja tukee paikallista kotiseutuarkistoa.<\/p>\n<p><strong>Jalasj\u00e4rvi-Seura ry:n j\u00e4senyys<\/strong><br \/>\nSeuran j\u00e4seneksi voit liitty\u00e4 t\u00e4ytt\u00e4m\u00e4ll\u00e4 j\u00e4senlomakkeen oheisesta linkist\u00e4 tai soittamalla Jalasj\u00e4rvi-Seuran toimijoille.<br \/>\n<strong>Liity j\u00e4seneksi<\/strong>,<a href=\"https:\/\/jalasjarvenmuseo.fi\/wordpress\/jalasjarvi-seura-ry\/jasenasiat\/\"> siirry t\u00e4st\u00e4 lomakkeeseen<\/a>.<\/p>\n","protected":false},"excerpt":{"rendered":"<p>jalasjarviseura(at)jalasjarvenmuseo.fi Johtokunta pj Mari M\u00e4ki-Karvia vpj, museon em\u00e4nt\u00e4 Aino Nevala J\u00e4senet: Museon is\u00e4nt\u00e4 Esko Lepp\u00e4, Matti Ahtola, Maj-Len Kuopusj\u00e4rvi, Aatto Ojala, Marko Ojaniemi, Ossi Sandvik,\u00a0 Seppo Valkama Sihteeriksi on kutsuttu johtokunnan ulkopuolelta Jonna Timoharju Asiantuntijaj\u00e4senet: Kerttu Alkula, Hilkka Haapam\u00e4ki, Juhani Kungsbacka, Marjatta Kuusisto, Martti Latvala, Pekka M\u00e4ntyl\u00e4, Sanna Pihlaja, Tapio Taivalmaa, Jonna Timoharju Toiminnantarkastaja Jaakko [&hellip;]<\/p>\n","protected":false},"author":1,"featured_media":0,"parent":0,"menu_order":0,"comment_status":"closed","ping_status":"closed","template":"","meta":{"footnotes":""},"class_list":["post-16","page","type-page","status-publish","hentry"],"_links":{"self":[{"href":"https:\/\/jalasjarvenmuseo.fi\/wordpress\/wp-json\/wp\/v2\/pages\/16","targetHints":{"allow":["GET"]}}],"collection":[{"href":"https:\/\/jalasjarvenmuseo.fi\/wordpress\/wp-json\/wp\/v2\/pages"}],"about":[{"href":"https:\/\/jalasjarvenmuseo.fi\/wordpress\/wp-json\/wp\/v2\/types\/page"}],"author":[{"embeddable":true,"href":"https:\/\/jalasjarvenmuseo.fi\/wordpress\/wp-json\/wp\/v2\/users\/1"}],"replies":[{"embeddable":true,"href":"https:\/\/jalasjarvenmuseo.fi\/wordpress\/wp-json\/wp\/v2\/comments?post=16"}],"version-history":[{"count":49,"href":"https:\/\/jalasjarvenmuseo.fi\/wordpress\/wp-json\/wp\/v2\/pages\/16\/revisions"}],"predecessor-version":[{"id":981,"href":"https:\/\/jalasjarvenmuseo.fi\/wordpress\/wp-json\/wp\/v2\/pages\/16\/revisions\/981"}],"wp:attachment":[{"href":"https:\/\/jalasjarvenmuseo.fi\/wordpress\/wp-json\/wp\/v2\/media?parent=16"}],"curies":[{"name":"wp","href":"https:\/\/api.w.org\/{rel}","templated":true}]}}